{"id":982,"date":"2024-08-14T09:23:42","date_gmt":"2024-08-14T15:23:42","guid":{"rendered":"http:\/\/192.168.1.237:8018\/?page_id=982"},"modified":"2026-04-13T08:44:26","modified_gmt":"2026-04-13T14:44:26","slug":"secretaria-de-vinculacion","status":"publish","type":"page","link":"https:\/\/utcancun.edu.mx\/index.php\/secretaria-de-vinculacion\/","title":{"rendered":"Secretar\u00eda de Vinculaci\u00f3n"},"content":{"rendered":"\n<p class=\"has-text-align-center has-large-font-size\"><strong>Secretar\u00eda de Vinculaci\u00f3n<\/strong><\/p>\n\n\n\n<p>Su principal funci\u00f3n es promover, establecer y mantener la vinculaci\u00f3n en todos sus \u00e1mbitos de la Universidad con el sector productivo de bienes y servicios p\u00fablicos, privados y sociales, as\u00ed como con otras instituciones educativas nacionales y extranjeras<\/p>\n\n\n\n<p class=\"has-text-align-center\"><strong>Medios de Verificaci\u00f3n<\/strong><\/p>\n\n\n\n<div class=\"su-tabs su-tabs-style-default su-tabs-mobile-stack\" data-active=\"1\" data-scroll-offset=\"0\" data-anchor-in-url=\"no\"><div class=\"su-tabs-nav\"><span class=\"\" data-url=\"\" data-target=\"blank\" tabindex=\"0\" role=\"button\">2026<\/span><span class=\"\" data-url=\"\" data-target=\"blank\" tabindex=\"0\" role=\"button\">2025<\/span><span class=\"\" data-url=\"\" data-target=\"blank\" tabindex=\"0\" role=\"button\">2024<\/span><span class=\"\" data-url=\"\" data-target=\"blank\" tabindex=\"0\" role=\"button\">2023<\/span><\/div><div class=\"su-tabs-panes\"><div class=\"su-tabs-pane su-u-clearfix su-u-trim\" data-title=\"2026\">\n\n\n\n<div class=\"su-spoiler su-spoiler-style-default su-spoiler-icon-plus su-spoiler-closed\" data-scroll-offset=\"0\" data-anchor-in-url=\"no\"><div class=\"su-spoiler-title\" tabindex=\"0\" role=\"button\"><span class=\"su-spoiler-icon\"><\/span>Participantes en programas de internacionalizaci\u00f3n<\/div><div class=\"su-spoiler-content su-u-clearfix su-u-trim\">\n\n\n\n<ol class=\"wp-block-list\">\n<li><a href=\"\/wp-content\/uploads\/2026\/04\/1.-Medio-de-Verificacio\u0301n-Internacional-1er-trimestre_compressed.pdf\">Primer Trimestre <\/a><br><\/li>\n<\/ol>\n\n\n\n<\/div><\/div><div class=\"su-spoiler su-spoiler-style-default su-spoiler-icon-plus su-spoiler-closed\" data-scroll-offset=\"0\" data-anchor-in-url=\"no\"><div class=\"su-spoiler-title\" tabindex=\"0\" role=\"button\"><span class=\"su-spoiler-icon\"><\/span>Capacitaciones impartidas y\/o coordinadas<\/div><div class=\"su-spoiler-content su-u-clearfix su-u-trim\">\n\n\n\n<ol class=\"wp-block-list\">\n<li><a href=\"\/wp-content\/uploads\/2026\/04\/2.-Medio-de-Verificacio\u0301n-Educacio\u0301n-Continua-1er-Trim-2026-1_compressed.pdf\">Primer Trimestre <\/a><\/li>\n<\/ol>\n\n\n\n<\/div><\/div>\n\n\n\n<\/div>\n<div class=\"su-tabs-pane su-u-clearfix su-u-trim\" data-title=\"2025\">\n\n\n\n<div class=\"su-spoiler su-spoiler-style-default su-spoiler-icon-plus su-spoiler-closed\" data-scroll-offset=\"0\" data-anchor-in-url=\"no\"><div class=\"su-spoiler-title\" tabindex=\"0\" role=\"button\"><span class=\"su-spoiler-icon\"><\/span>Estudiantes de preparatoria que expresan inter\u00e9s en ingresar a la instituci\u00f3n<\/div><div class=\"su-spoiler-content su-u-clearfix su-u-trim\">\n\n\n\n<ul class=\"wp-block-list\">\n<li><a href=\"\/wp-content\/uploads\/2025\/04\/1.-Medio-de-Verificacio\u0301n-1er-trimestre-Captacio\u0301n.pdf\">Primer trimestre <\/a><\/li>\n\n\n\n<li><a href=\"\/wp-content\/uploads\/2025\/07\/1.-Medio-de-Verificacio\u0301n-2do-trim-Captacio\u0301n-2.pdf\">Segundo trimestre <\/a><\/li>\n\n\n\n<li><a href=\"\/wp-content\/uploads\/2025\/10\/2.-Estudiantes-de-preparatoria.pdf\">Tercer trimestre <\/a><\/li>\n<\/ul>\n\n\n\n<\/div><\/div><div class=\"su-spoiler su-spoiler-style-default su-spoiler-icon-plus su-spoiler-closed\" data-scroll-offset=\"0\" data-anchor-in-url=\"no\"><div class=\"su-spoiler-title\" tabindex=\"0\" role=\"button\"><span class=\"su-spoiler-icon\"><\/span>Matr\u00edcula de nuevo ingreso 2025<\/div><div class=\"su-spoiler-content su-u-clearfix su-u-trim\">\n\n\n\n<ul class=\"wp-block-list\">\n<li><a href=\"\/wp-content\/uploads\/2025\/10\/1.-Matricula-Nuevo-Ingreso.pdf\">Tercer trimestre<\/a><\/li>\n<\/ul>\n\n\n\n<\/div><\/div><div class=\"su-spoiler su-spoiler-style-default su-spoiler-icon-plus su-spoiler-closed\" data-scroll-offset=\"0\" data-anchor-in-url=\"no\"><div class=\"su-spoiler-title\" tabindex=\"0\" role=\"button\"><span class=\"su-spoiler-icon\"><\/span>Fortalecimiento de la movilidad de la comunidad universitaria<\/div><div class=\"su-spoiler-content su-u-clearfix su-u-trim\">\n\n\n\n<ul class=\"wp-block-list\">\n<li><a href=\"\/wp-content\/uploads\/2025\/04\/2.-Medio-de-verificacion-1er-trimestre-Internacional-2025.pdf\">Primer trimestre<\/a><\/li>\n\n\n\n<li><a href=\"\/wp-content\/uploads\/2025\/07\/2.-Medio-de-verificacion-2\u00b0-trimestre-Internacional-2025-1.pdf\" target=\"_blank\" rel=\"noreferrer noopener\">Segundo trimestre <\/a><\/li>\n\n\n\n<li><a href=\"\/wp-content\/uploads\/2025\/10\/3.-Fortalecimiento-a-la-movilidad.pdf\">Tercer trimestre<\/a><\/li>\n\n\n\n<li><a href=\"\/wp-content\/uploads\/2026\/01\/3.-Medio-de-verificacion-4to-trim-Internacional.pdf\">Cuarto trimestre <\/a><\/li>\n<\/ul>\n\n\n\n<\/div><\/div><div class=\"su-spoiler su-spoiler-style-default su-spoiler-icon-plus su-spoiler-closed\" data-scroll-offset=\"0\" data-anchor-in-url=\"no\"><div class=\"su-spoiler-title\" tabindex=\"0\" role=\"button\"><span class=\"su-spoiler-icon\"><\/span>N\u00famero de cursos, talleres y diplomados realizados en educaci\u00f3n continua<\/div><div class=\"su-spoiler-content su-u-clearfix su-u-trim\">\n\n\n\n<ul class=\"wp-block-list\">\n<li><a href=\"\/wp-content\/uploads\/2025\/04\/3.-Medio-de-Verificacio\u0301n-Educacio\u0301n-Continua-1ER-TRIM-2025.pdf\">Primer trimestre <\/a><\/li>\n\n\n\n<li><a href=\"\/wp-content\/uploads\/2025\/07\/3.-Medio-de-Verificacio\u0301n-Cursos-2do-TRIM-2025.pdf\">Segundo trimestre <\/a><\/li>\n\n\n\n<li><a href=\"\/wp-content\/uploads\/2025\/10\/4.-Numero-de-Cursos-Talleres.pdf\">Tercer trimestre <\/a><\/li>\n\n\n\n<li><a href=\"\/wp-content\/uploads\/2026\/01\/4.-Medio-de-Verificacio\u0301n-Educacio\u0301n-Continua-4to-Trim-2025.pdf\">Cuarto trimestre <\/a><\/li>\n<\/ul>\n\n\n\n<\/div><\/div>\n\n\n\n<\/div>\n<div class=\"su-tabs-pane su-u-clearfix su-u-trim\" data-title=\"2024\">\n\n\n\n<div class=\"su-spoiler su-spoiler-style-default su-spoiler-icon-plus su-spoiler-closed\" data-scroll-offset=\"0\" data-anchor-in-url=\"no\"><div class=\"su-spoiler-title\" tabindex=\"0\" role=\"button\"><span class=\"su-spoiler-icon\"><\/span>Matricula de Nuevo Ingreso<\/div><div class=\"su-spoiler-content su-u-clearfix su-u-trim\">\n\n\n\n<ul class=\"wp-block-list\">\n<li>1er trimestre<\/li>\n\n\n\n<li>2do trimestre<\/li>\n\n\n\n<li><a href=\"\/wp-content\/uploads\/2024\/11\/1.-3er-trimestre.pdf\">3er trimestre <\/a><\/li>\n<\/ul>\n\n\n\n<\/div><\/div><div class=\"su-spoiler su-spoiler-style-default su-spoiler-icon-plus su-spoiler-closed\" data-scroll-offset=\"0\" data-anchor-in-url=\"no\"><div class=\"su-spoiler-title\" tabindex=\"0\" role=\"button\"><span class=\"su-spoiler-icon\"><\/span>Asistencia al Examen de Admisio\u0301n<\/div><div class=\"su-spoiler-content su-u-clearfix su-u-trim\">\n\n\n\n<ul class=\"wp-block-list\">\n<li><a href=\"\/wp-content\/uploads\/2024\/08\/1er.-Trimestre.pdf\">1er trimestre<\/a><\/li>\n\n\n\n<li><a href=\"\/wp-content\/uploads\/2024\/08\/2do.-Trimestre.pdf\">2do trimestre<\/a><\/li>\n\n\n\n<li><a href=\"\/wp-content\/uploads\/2024\/11\/2.-3er-trimestre.pdf\">3er trimestre <\/a><\/li>\n<\/ul>\n\n\n\n<\/div><\/div><div class=\"su-spoiler su-spoiler-style-default su-spoiler-icon-plus su-spoiler-closed\" data-scroll-offset=\"0\" data-anchor-in-url=\"no\"><div class=\"su-spoiler-title\" tabindex=\"0\" role=\"button\"><span class=\"su-spoiler-icon\"><\/span>Movilidad Estudiantil<\/div><div class=\"su-spoiler-content su-u-clearfix su-u-trim\">\n\n\n\n<ul class=\"wp-block-list\">\n<li><a href=\"\/wp-content\/uploads\/2024\/08\/1er.-Trimestre-1.pdf\">1er trimestre<\/a><\/li>\n\n\n\n<li><a href=\"\/wp-content\/uploads\/2024\/08\/2do.-Trimestre-1.pdf\">2do trimestre<\/a><\/li>\n\n\n\n<li><a href=\"\/wp-content\/uploads\/2024\/11\/3.-3er-trimestre.pdf\">3er trimestre <\/a><\/li>\n\n\n\n<li><a href=\"\/wp-content\/uploads\/2025\/01\/Movilidad-Estudiantil.pdf\">4to trimestre<\/a><\/li>\n<\/ul>\n\n\n\n<\/div><\/div><div class=\"su-spoiler su-spoiler-style-default su-spoiler-icon-plus su-spoiler-closed\" data-scroll-offset=\"0\" data-anchor-in-url=\"no\"><div class=\"su-spoiler-title\" tabindex=\"0\" role=\"button\"><span class=\"su-spoiler-icon\"><\/span>Convenios Firmados<\/div><div class=\"su-spoiler-content su-u-clearfix su-u-trim\">\n\n\n\n<ul class=\"wp-block-list\">\n<li><a href=\"\/wp-content\/uploads\/2024\/08\/2do.-Trimestre-3.pdf\">2do trimestre<\/a><\/li>\n\n\n\n<li><a href=\"\/wp-content\/uploads\/2024\/11\/4.-3er-trimestre.pdf\">3er trimestre <\/a><\/li>\n\n\n\n<li><a href=\"\/wp-content\/uploads\/2025\/01\/Convenios-Firmados.pdf\">4to trimestre <\/a><\/li>\n<\/ul>\n\n\n\n<\/div><\/div><div class=\"su-spoiler su-spoiler-style-default su-spoiler-icon-plus su-spoiler-closed\" data-scroll-offset=\"0\" data-anchor-in-url=\"no\"><div class=\"su-spoiler-title\" tabindex=\"0\" role=\"button\"><span class=\"su-spoiler-icon\"><\/span>Cursos, Talleres y Diplomados<\/div><div class=\"su-spoiler-content su-u-clearfix su-u-trim\">\n\n\n\n<ul class=\"wp-block-list\">\n<li><a href=\"\/wp-content\/uploads\/2024\/08\/1er.-Trimestre-3.pdf\">1er trimestre<\/a><\/li>\n\n\n\n<li><a href=\"\/wp-content\/uploads\/2024\/08\/2do.-Trimestre-4.pdf\">2do trimestre<\/a><\/li>\n\n\n\n<li><a href=\"\/wp-content\/uploads\/2024\/11\/5.-3er-trimestre.pdf\">3er trimestre<\/a><\/li>\n\n\n\n<li><a href=\"\/wp-content\/uploads\/2025\/01\/Cursos-Talleres.pdf\">4to trimestre<\/a><\/li>\n<\/ul>\n\n\n\n<\/div><\/div>\n\n\n\n<\/div>\n<div class=\"su-tabs-pane su-u-clearfix su-u-trim\" data-title=\"2023\">\n\n\n\n<\/div><\/div><\/div>\n\n\n\n<p>Esta Secretar\u00eda tiene a su cargo las \u00e1reas de:<\/p>\n\n\n\n<ul class=\"wp-block-list\">\n<li>Direcci\u00f3n de Innovaci\u00f3n, ext. 1005<\/li>\n\n\n\n<li>Subdirecci\u00f3n de Proyectos de Vinculaci\u00f3n e Internacionalizaci\u00f3n, Ext. 1140<\/li>\n\n\n\n<li>Departamento de Educaci\u00f3n Continua y Centro de Idiomas Ext. 1134<\/li>\n\n\n\n<li>Departamento de Gesti\u00f3n Empresarial ext. 1102 <\/li>\n<\/ul>\n\n\n\n<p><\/p>\n","protected":false},"excerpt":{"rendered":"<p>Secretar\u00eda de Vinculaci\u00f3n Su principal funci\u00f3n es promover, establecer y mantener la vinculaci\u00f3n en todos sus \u00e1mbitos de la Universidad con el sector productivo de bienes y servicios p\u00fablicos, privados y sociales, as\u00ed como con otras instituciones educativas nacionales y extranjeras Medios de Verificaci\u00f3n Esta Secretar\u00eda tiene a su cargo las \u00e1reas de:<\/p>\n","protected":false},"author":1,"featured_media":0,"parent":0,"menu_order":0,"comment_status":"closed","ping_status":"closed","template":"","meta":{"content-type":"","footnotes":""},"class_list":["post-982","page","type-page","status-publish","hentry"],"_links":{"self":[{"href":"https:\/\/utcancun.edu.mx\/index.php\/wp-json\/wp\/v2\/pages\/982","targetHints":{"allow":["GET"]}}],"collection":[{"href":"https:\/\/utcancun.edu.mx\/index.php\/wp-json\/wp\/v2\/pages"}],"about":[{"href":"https:\/\/utcancun.edu.mx\/index.php\/wp-json\/wp\/v2\/types\/page"}],"author":[{"embeddable":true,"href":"https:\/\/utcancun.edu.mx\/index.php\/wp-json\/wp\/v2\/users\/1"}],"replies":[{"embeddable":true,"href":"https:\/\/utcancun.edu.mx\/index.php\/wp-json\/wp\/v2\/comments?post=982"}],"version-history":[{"count":26,"href":"https:\/\/utcancun.edu.mx\/index.php\/wp-json\/wp\/v2\/pages\/982\/revisions"}],"predecessor-version":[{"id":4976,"href":"https:\/\/utcancun.edu.mx\/index.php\/wp-json\/wp\/v2\/pages\/982\/revisions\/4976"}],"wp:attachment":[{"href":"https:\/\/utcancun.edu.mx\/index.php\/wp-json\/wp\/v2\/media?parent=982"}],"curies":[{"name":"wp","href":"https:\/\/api.w.org\/{rel}","templated":true}]}}